{"id":6881,"date":"2023-10-30T08:17:23","date_gmt":"2023-10-30T07:17:23","guid":{"rendered":"https:\/\/gutschwarzl.at\/?post_type=product&#038;p=6881"},"modified":"2025-02-18T13:50:55","modified_gmt":"2025-02-18T12:50:55","slug":"muetze-vom-weingut-schwarzl-ehrenhausen-an-der-weinstrasse","status":"publish","type":"product","link":"https:\/\/gutschwarzl.at\/en\/product\/muetze-vom-weingut-schwarzl-ehrenhausen-an-der-weinstrasse\/","title":{"rendered":"M\u00fctze"},"content":{"rendered":"<p>Die M\u00fctze vom Weingut Schwarzl ist nicht nur ein modisches Accessoire, sondern auch \u00e4u\u00dferst funktional f\u00fcr kalte Tage. Das stilvolle Design mit dem Logo vom Weingut Schwarzl, ihre hochwertige Verarbeitung ist besonders angenehm zu tragen. Egal, ob bei einem Spaziergang in den Weinbergen oder an einem k\u00fchlen Abend in der Stadt, diese M\u00fctze h\u00e4lt Sie sch\u00f6n warm.<\/p>","protected":false},"excerpt":{"rendered":"<p>Die M\u00fctze vom Weingut Schwarzl ist nicht nur ein modisches Accessoire, sondern auch \u00e4u\u00dferst funktional f\u00fcr kalte Tage. Das stilvolle Design mit dem Logo vom Weingut Schwarzl, ihre hochwertige Verarbeitung ist besonders angenehm zu tragen. Egal, ob bei einem Spaziergang in den Weinbergen oder an einem k\u00fchlen Abend in der Stadt, diese M\u00fctze h\u00e4lt Sie [&hellip;]<\/p>","protected":false},"featured_media":21676,"comment_status":"open","ping_status":"closed","template":"","meta":[],"product_brand":[],"product_cat":[41],"product_tag":[],"class_list":{"0":"post-6881","1":"product","2":"type-product","3":"status-publish","4":"has-post-thumbnail","6":"product_cat-geschenke","8":"first","9":"instock","10":"taxable","11":"shipping-taxable","12":"purchasable","13":"product-type-simple"},"yoast_head":"<!-- This site is optimized with the Yoast SEO plugin v23.2 - https:\/\/yoast.com\/wordpress\/plugins\/seo\/ -->\n<title>M\u00fctze - Gut Schwarzl<\/title>\n<meta name=\"description\" content=\"Diese M\u00fctze hat nicht nur einen WOW Effekt in der Optik sonder l\u00e4sst sich auch besonders gut an k\u00fchlen Tagen tragen. Limitierte Auflage - Weingut Schwarzl\" \/>\n<meta name=\"robots\" content=\"index, follow, max-snippet:-1, max-image-preview:large, max-video-preview:-1\" \/>\n<link rel=\"canonical\" href=\"https:\/\/gutschwarzl.at\/en\/product\/muetze-vom-weingut-schwarzl-ehrenhausen-an-der-weinstrasse\/\" \/>\n<meta property=\"og:locale\" content=\"en_US\" \/>\n<meta property=\"og:type\" content=\"article\" \/>\n<meta property=\"og:title\" content=\"M\u00fctze - Gut Schwarzl\" \/>\n<meta property=\"og:description\" content=\"Diese M\u00fctze hat nicht nur einen WOW Effekt in der Optik sonder l\u00e4sst sich auch besonders gut an k\u00fchlen Tagen tragen. Limitierte Auflage - Weingut Schwarzl\" \/>\n<meta property=\"og:url\" content=\"https:\/\/gutschwarzl.at\/en\/product\/muetze-vom-weingut-schwarzl-ehrenhausen-an-der-weinstrasse\/\" \/>\n<meta property=\"og:site_name\" content=\"Gut Schwarzl\" \/>\n<meta property=\"article:modified_time\" content=\"2025-02-18T12:50:55+00:00\" \/>\n<meta property=\"og:image\" content=\"https:\/\/gutschwarzl.at\/wp-content\/uploads\/2023\/10\/Bild-zur-Muetze.webp\" \/>\n\t<meta property=\"og:image:width\" content=\"1024\" \/>\n\t<meta property=\"og:image:height\" content=\"1024\" \/>\n\t<meta property=\"og:image:type\" content=\"image\/webp\" \/>\n<meta name=\"twitter:card\" content=\"summary_large_image\" \/>\n<meta name=\"twitter:label1\" content=\"Est. reading time\" \/>\n\t<meta name=\"twitter:data1\" content=\"1 minute\" \/>\n<script type=\"application\/ld+json\" class=\"yoast-schema-graph\">{\"@context\":\"https:\/\/schema.org\",\"@graph\":[{\"@type\":\"WebPage\",\"@id\":\"https:\/\/gutschwarzl.at\/produkt\/muetze-vom-weingut-schwarzl-ehrenhausen-an-der-weinstrasse\/\",\"url\":\"https:\/\/gutschwarzl.at\/produkt\/muetze-vom-weingut-schwarzl-ehrenhausen-an-der-weinstrasse\/\",\"name\":\"M\u00fctze - Gut Schwarzl\",\"isPartOf\":{\"@id\":\"https:\/\/gutschwarzl.at\/#website\"},\"primaryImageOfPage\":{\"@id\":\"https:\/\/gutschwarzl.at\/produkt\/muetze-vom-weingut-schwarzl-ehrenhausen-an-der-weinstrasse\/#primaryimage\"},\"image\":{\"@id\":\"https:\/\/gutschwarzl.at\/produkt\/muetze-vom-weingut-schwarzl-ehrenhausen-an-der-weinstrasse\/#primaryimage\"},\"thumbnailUrl\":\"https:\/\/gutschwarzl.at\/wp-content\/uploads\/2023\/10\/Bild-zur-Muetze.webp\",\"datePublished\":\"2023-10-30T07:17:23+00:00\",\"dateModified\":\"2025-02-18T12:50:55+00:00\",\"description\":\"Diese M\u00fctze hat nicht nur einen WOW Effekt in der Optik sonder l\u00e4sst sich auch besonders gut an k\u00fchlen Tagen tragen. Limitierte Auflage - Weingut Schwarzl\",\"breadcrumb\":{\"@id\":\"https:\/\/gutschwarzl.at\/produkt\/muetze-vom-weingut-schwarzl-ehrenhausen-an-der-weinstrasse\/#breadcrumb\"},\"inLanguage\":\"en-US\",\"potentialAction\":[{\"@type\":\"ReadAction\",\"target\":[\"https:\/\/gutschwarzl.at\/produkt\/muetze-vom-weingut-schwarzl-ehrenhausen-an-der-weinstrasse\/\"]}]},{\"@type\":\"ImageObject\",\"inLanguage\":\"en-US\",\"@id\":\"https:\/\/gutschwarzl.at\/produkt\/muetze-vom-weingut-schwarzl-ehrenhausen-an-der-weinstrasse\/#primaryimage\",\"url\":\"https:\/\/gutschwarzl.at\/wp-content\/uploads\/2023\/10\/Bild-zur-Muetze.webp\",\"contentUrl\":\"https:\/\/gutschwarzl.at\/wp-content\/uploads\/2023\/10\/Bild-zur-Muetze.webp\",\"width\":1024,\"height\":1024,\"caption\":\"KI generiertes Bild zur M\u00fctze, am Original ist en Logo versehen\"},{\"@type\":\"BreadcrumbList\",\"@id\":\"https:\/\/gutschwarzl.at\/produkt\/muetze-vom-weingut-schwarzl-ehrenhausen-an-der-weinstrasse\/#breadcrumb\",\"itemListElement\":[{\"@type\":\"ListItem\",\"position\":1,\"name\":\"Startseite\",\"item\":\"https:\/\/gutschwarzl.at\/\"},{\"@type\":\"ListItem\",\"position\":2,\"name\":\"Shop\",\"item\":\"https:\/\/gutschwarzl.at\/shop\/\"},{\"@type\":\"ListItem\",\"position\":3,\"name\":\"M\u00fctze\"}]},{\"@type\":\"WebSite\",\"@id\":\"https:\/\/gutschwarzl.at\/#website\",\"url\":\"https:\/\/gutschwarzl.at\/\",\"name\":\"Gut Schwarzl\",\"description\":\"Wo der Wein daheim ist\",\"publisher\":{\"@id\":\"https:\/\/gutschwarzl.at\/#organization\"},\"potentialAction\":[{\"@type\":\"SearchAction\",\"target\":{\"@type\":\"EntryPoint\",\"urlTemplate\":\"https:\/\/gutschwarzl.at\/?s={search_term_string}\"},\"query-input\":\"required name=search_term_string\"}],\"inLanguage\":\"en-US\"},{\"@type\":\"Organization\",\"@id\":\"https:\/\/gutschwarzl.at\/#organization\",\"name\":\"Gut Schwarzl\",\"url\":\"https:\/\/gutschwarzl.at\/\",\"logo\":{\"@type\":\"ImageObject\",\"inLanguage\":\"en-US\",\"@id\":\"https:\/\/gutschwarzl.at\/#\/schema\/logo\/image\/\",\"url\":\"https:\/\/gutschwarzl.at\/wp-content\/uploads\/2022\/04\/Logo-Gut-Schwarzl.svg\",\"contentUrl\":\"https:\/\/gutschwarzl.at\/wp-content\/uploads\/2022\/04\/Logo-Gut-Schwarzl.svg\",\"width\":217,\"height\":217,\"caption\":\"Gut Schwarzl\"},\"image\":{\"@id\":\"https:\/\/gutschwarzl.at\/#\/schema\/logo\/image\/\"}}]}<\/script>\n<!-- \/ Yoast SEO plugin. -->","yoast_head_json":{"title":"M\u00fctze - Gut Schwarzl","description":"Diese M\u00fctze hat nicht nur einen WOW Effekt in der Optik sonder l\u00e4sst sich auch besonders gut an k\u00fchlen Tagen tragen. Limitierte Auflage - Weingut Schwarzl","robots":{"index":"index","follow":"follow","max-snippet":"max-snippet:-1","max-image-preview":"max-image-preview:large","max-video-preview":"max-video-preview:-1"},"canonical":"https:\/\/gutschwarzl.at\/en\/product\/muetze-vom-weingut-schwarzl-ehrenhausen-an-der-weinstrasse\/","og_locale":"en_US","og_type":"article","og_title":"M\u00fctze - Gut Schwarzl","og_description":"Diese M\u00fctze hat nicht nur einen WOW Effekt in der Optik sonder l\u00e4sst sich auch besonders gut an k\u00fchlen Tagen tragen. Limitierte Auflage - Weingut Schwarzl","og_url":"https:\/\/gutschwarzl.at\/en\/product\/muetze-vom-weingut-schwarzl-ehrenhausen-an-der-weinstrasse\/","og_site_name":"Gut Schwarzl","article_modified_time":"2025-02-18T12:50:55+00:00","og_image":[{"width":1024,"height":1024,"url":"https:\/\/gutschwarzl.at\/wp-content\/uploads\/2023\/10\/Bild-zur-Muetze.webp","type":"image\/webp"}],"twitter_card":"summary_large_image","twitter_misc":{"Est. reading time":"1 minute"},"schema":{"@context":"https:\/\/schema.org","@graph":[{"@type":"WebPage","@id":"https:\/\/gutschwarzl.at\/produkt\/muetze-vom-weingut-schwarzl-ehrenhausen-an-der-weinstrasse\/","url":"https:\/\/gutschwarzl.at\/produkt\/muetze-vom-weingut-schwarzl-ehrenhausen-an-der-weinstrasse\/","name":"M\u00fctze - Gut Schwarzl","isPartOf":{"@id":"https:\/\/gutschwarzl.at\/#website"},"primaryImageOfPage":{"@id":"https:\/\/gutschwarzl.at\/produkt\/muetze-vom-weingut-schwarzl-ehrenhausen-an-der-weinstrasse\/#primaryimage"},"image":{"@id":"https:\/\/gutschwarzl.at\/produkt\/muetze-vom-weingut-schwarzl-ehrenhausen-an-der-weinstrasse\/#primaryimage"},"thumbnailUrl":"https:\/\/gutschwarzl.at\/wp-content\/uploads\/2023\/10\/Bild-zur-Muetze.webp","datePublished":"2023-10-30T07:17:23+00:00","dateModified":"2025-02-18T12:50:55+00:00","description":"Diese M\u00fctze hat nicht nur einen WOW Effekt in der Optik sonder l\u00e4sst sich auch besonders gut an k\u00fchlen Tagen tragen. Limitierte Auflage - Weingut Schwarzl","breadcrumb":{"@id":"https:\/\/gutschwarzl.at\/produkt\/muetze-vom-weingut-schwarzl-ehrenhausen-an-der-weinstrasse\/#breadcrumb"},"inLanguage":"en-US","potentialAction":[{"@type":"ReadAction","target":["https:\/\/gutschwarzl.at\/produkt\/muetze-vom-weingut-schwarzl-ehrenhausen-an-der-weinstrasse\/"]}]},{"@type":"ImageObject","inLanguage":"en-US","@id":"https:\/\/gutschwarzl.at\/produkt\/muetze-vom-weingut-schwarzl-ehrenhausen-an-der-weinstrasse\/#primaryimage","url":"https:\/\/gutschwarzl.at\/wp-content\/uploads\/2023\/10\/Bild-zur-Muetze.webp","contentUrl":"https:\/\/gutschwarzl.at\/wp-content\/uploads\/2023\/10\/Bild-zur-Muetze.webp","width":1024,"height":1024,"caption":"KI generiertes Bild zur M\u00fctze, am Original ist en Logo versehen"},{"@type":"BreadcrumbList","@id":"https:\/\/gutschwarzl.at\/produkt\/muetze-vom-weingut-schwarzl-ehrenhausen-an-der-weinstrasse\/#breadcrumb","itemListElement":[{"@type":"ListItem","position":1,"name":"Startseite","item":"https:\/\/gutschwarzl.at\/"},{"@type":"ListItem","position":2,"name":"Shop","item":"https:\/\/gutschwarzl.at\/shop\/"},{"@type":"ListItem","position":3,"name":"M\u00fctze"}]},{"@type":"WebSite","@id":"https:\/\/gutschwarzl.at\/#website","url":"https:\/\/gutschwarzl.at\/","name":"Gut Schwarzl","description":"Wo der Wein daheim ist","publisher":{"@id":"https:\/\/gutschwarzl.at\/#organization"},"potentialAction":[{"@type":"SearchAction","target":{"@type":"EntryPoint","urlTemplate":"https:\/\/gutschwarzl.at\/?s={search_term_string}"},"query-input":"required name=search_term_string"}],"inLanguage":"en-US"},{"@type":"Organization","@id":"https:\/\/gutschwarzl.at\/#organization","name":"Gut Schwarzl","url":"https:\/\/gutschwarzl.at\/","logo":{"@type":"ImageObject","inLanguage":"en-US","@id":"https:\/\/gutschwarzl.at\/#\/schema\/logo\/image\/","url":"https:\/\/gutschwarzl.at\/wp-content\/uploads\/2022\/04\/Logo-Gut-Schwarzl.svg","contentUrl":"https:\/\/gutschwarzl.at\/wp-content\/uploads\/2022\/04\/Logo-Gut-Schwarzl.svg","width":217,"height":217,"caption":"Gut Schwarzl"},"image":{"@id":"https:\/\/gutschwarzl.at\/#\/schema\/logo\/image\/"}}]}},"jetpack_sharing_enabled":true,"_links":{"self":[{"href":"https:\/\/gutschwarzl.at\/en\/wp-json\/wp\/v2\/product\/6881","targetHints":{"allow":["GET"]}}],"collection":[{"href":"https:\/\/gutschwarzl.at\/en\/wp-json\/wp\/v2\/product"}],"about":[{"href":"https:\/\/gutschwarzl.at\/en\/wp-json\/wp\/v2\/types\/product"}],"replies":[{"embeddable":true,"href":"https:\/\/gutschwarzl.at\/en\/wp-json\/wp\/v2\/comments?post=6881"}],"wp:featuredmedia":[{"embeddable":true,"href":"https:\/\/gutschwarzl.at\/en\/wp-json\/wp\/v2\/media\/21676"}],"wp:attachment":[{"href":"https:\/\/gutschwarzl.at\/en\/wp-json\/wp\/v2\/media?parent=6881"}],"wp:term":[{"taxonomy":"product_brand","embeddable":true,"href":"https:\/\/gutschwarzl.at\/en\/wp-json\/wp\/v2\/product_brand?post=6881"},{"taxonomy":"product_cat","embeddable":true,"href":"https:\/\/gutschwarzl.at\/en\/wp-json\/wp\/v2\/product_cat?post=6881"},{"taxonomy":"product_tag","embeddable":true,"href":"https:\/\/gutschwarzl.at\/en\/wp-json\/wp\/v2\/product_tag?post=6881"}],"curies":[{"name":"wp","href":"https:\/\/api.w.org\/{rel}","templated":true}]}}